{"id":42235,"date":"2022-03-23T14:03:38","date_gmt":"2022-03-23T13:03:38","guid":{"rendered":"https:\/\/www.opuzen.hr\/grad\/?page_id=42235"},"modified":"2022-03-23T14:37:45","modified_gmt":"2022-03-23T13:37:45","slug":"finacijska-izvjesca-lokalni-izbori-2022","status":"publish","type":"page","link":"https:\/\/www.opuzen.hr\/grad\/finacijska-izvjesca-lokalni-izbori-2022\/","title":{"rendered":"Finacijska izvje\u0161\u0107a lokalni izbori 2021"},"content":{"rendered":"\t\t<div data-elementor-type=\"wp-page\" data-elementor-id=\"42235\" class=\"elementor elementor-42235\">\n\t\t\t\t\t\t<section class=\"has_eae_slider elementor-section elementor-top-section elementor-element elementor-element-703db26 elementor-section-boxed elementor-section-height-default elementor-section-height-default\" data-id=\"703db26\" data-element_type=\"section\">\n\t\t\t\t\t\t<div class=\"elementor-container elementor-column-gap-default\">\n\t\t\t\t\t<div class=\"has_eae_slider elementor-column elementor-col-100 elementor-top-column elementor-element elementor-element-f2408a3\" data-id=\"f2408a3\" data-element_type=\"column\">\n\t\t\t<div class=\"elementor-widget-wrap elementor-element-populated\">\n\t\t\t\t\t\t<div class=\"elementor-element elementor-element-d436cc3 elementor-widget elementor-widget-text-editor\" data-id=\"d436cc3\" data-element_type=\"widget\" data-widget_type=\"text-editor.default\">\n\t\t\t\t<div class=\"elementor-widget-container\">\n\t\t\t\t\t\t\t<p><strong>Financijska izvje\u0161\u0107a GIP<\/strong><\/p><ul><li><a href=\"https:\/\/drive.google.com\/file\/d\/1Jb-s0WoVQRSKqPEVNoPH4AwnBfeRPvsU\/view?usp=sharing\">Tro\u0161ak GIP-a<\/a><\/li><li><a href=\"https:\/\/drive.google.com\/file\/d\/1nLAMVIHwSU5LoRs3M8Zj9nEq4bfO7TEr\/view?usp=sharing\">Odluka o pravu na naknadu i visini naknade tro\u0161kova izborne promid\u017ebe na izboru gradona\u010delnika Grada Opuzena 2021<\/a><\/li><\/ul><p><strong>Financijska izvje\u0161\u0107a nezavisne liste Jure Stani\u0107<\/strong><\/p><ul><li><a href=\"https:\/\/drive.google.com\/file\/d\/1SMNERJ3mkQMbrAEawZMugYxd8uwavB7H\/view?usp=sharing\">Jure Stani\u0107<\/a><\/li><li><a href=\"https:\/\/drive.google.com\/file\/d\/16pkqMOciaBUE56wRiqTAoYrVAfsHYtJf\/view?usp=sharing\">Ivo Klu\u0107e<\/a><\/li><\/ul>\t\t\t\t\t\t<\/div>\n\t\t\t\t<\/div>\n\t\t\t\t\t<\/div>\n\t\t<\/div>\n\t\t\t\t\t<\/div>\n\t\t<\/section>\n\t\t\t\t<\/div>\n\t\t","protected":false},"excerpt":{"rendered":"<p>Financijska izvje\u0161\u0107a GIP Tro\u0161ak GIP-a Odluka o pravu na naknadu i visini naknade tro\u0161kova izborne&#8230;<\/p>\n","protected":false},"author":3,"featured_media":0,"parent":0,"menu_order":0,"comment_status":"closed","ping_status":"closed","template":"","meta":{"footnotes":""},"class_list":["post-42235","page","type-page","status-publish","hentry"],"yoast_head":"<!-- This site is optimized with the Yoast SEO plugin v23.1 - https:\/\/yoast.com\/wordpress\/plugins\/seo\/ -->\n<title>Finacijska izvje\u0161\u0107a lokalni izbori 2021 - Grad Opuzen<\/title>\n<meta name=\"robots\" content=\"index, follow, max-snippet:-1, max-image-preview:large, max-video-preview:-1\" \/>\n<link rel=\"canonical\" href=\"https:\/\/www.opuzen.hr\/grad\/finacijska-izvjesca-lokalni-izbori-2022\/\" \/>\n<meta property=\"og:locale\" content=\"hr_HR\" \/>\n<meta property=\"og:type\" content=\"article\" \/>\n<meta property=\"og:title\" content=\"Finacijska izvje\u0161\u0107a lokalni izbori 2021 - Grad Opuzen\" \/>\n<meta property=\"og:description\" content=\"Financijska izvje\u0161\u0107a GIP Tro\u0161ak GIP-a Odluka o pravu na naknadu i visini naknade tro\u0161kova izborne...\" \/>\n<meta property=\"og:url\" content=\"https:\/\/www.opuzen.hr\/grad\/finacijska-izvjesca-lokalni-izbori-2022\/\" \/>\n<meta property=\"og:site_name\" content=\"Grad Opuzen\" \/>\n<meta property=\"article:modified_time\" content=\"2022-03-23T13:37:45+00:00\" \/>\n<meta name=\"twitter:card\" content=\"summary_large_image\" \/>\n<script type=\"application\/ld+json\" class=\"yoast-schema-graph\">{\"@context\":\"https:\/\/schema.org\",\"@graph\":[{\"@type\":\"WebPage\",\"@id\":\"https:\/\/www.opuzen.hr\/grad\/finacijska-izvjesca-lokalni-izbori-2022\/\",\"url\":\"https:\/\/www.opuzen.hr\/grad\/finacijska-izvjesca-lokalni-izbori-2022\/\",\"name\":\"Finacijska izvje\u0161\u0107a lokalni izbori 2021 - Grad Opuzen\",\"isPartOf\":{\"@id\":\"https:\/\/www.opuzen.hr\/grad\/#website\"},\"datePublished\":\"2022-03-23T13:03:38+00:00\",\"dateModified\":\"2022-03-23T13:37:45+00:00\",\"breadcrumb\":{\"@id\":\"https:\/\/www.opuzen.hr\/grad\/finacijska-izvjesca-lokalni-izbori-2022\/#breadcrumb\"},\"inLanguage\":\"hr\",\"potentialAction\":[{\"@type\":\"ReadAction\",\"target\":[\"https:\/\/www.opuzen.hr\/grad\/finacijska-izvjesca-lokalni-izbori-2022\/\"]}]},{\"@type\":\"BreadcrumbList\",\"@id\":\"https:\/\/www.opuzen.hr\/grad\/finacijska-izvjesca-lokalni-izbori-2022\/#breadcrumb\",\"itemListElement\":[{\"@type\":\"ListItem\",\"position\":1,\"name\":\"Po\u010detna stranica\",\"item\":\"https:\/\/www.opuzen.hr\/grad\/\"},{\"@type\":\"ListItem\",\"position\":2,\"name\":\"Finacijska izvje\u0161\u0107a lokalni izbori 2021\"}]},{\"@type\":\"WebSite\",\"@id\":\"https:\/\/www.opuzen.hr\/grad\/#website\",\"url\":\"https:\/\/www.opuzen.hr\/grad\/\",\"name\":\"Grad Opuzen\",\"description\":\"Slu\u017ebene mre\u017ene stranice Grada Opuzena\",\"publisher\":{\"@id\":\"https:\/\/www.opuzen.hr\/grad\/#organization\"},\"potentialAction\":[{\"@type\":\"SearchAction\",\"target\":{\"@type\":\"EntryPoint\",\"urlTemplate\":\"https:\/\/www.opuzen.hr\/grad\/?s={search_term_string}\"},\"query-input\":\"required name=search_term_string\"}],\"inLanguage\":\"hr\"},{\"@type\":\"Organization\",\"@id\":\"https:\/\/www.opuzen.hr\/grad\/#organization\",\"name\":\"Grad Opuzen\",\"url\":\"https:\/\/www.opuzen.hr\/grad\/\",\"logo\":{\"@type\":\"ImageObject\",\"inLanguage\":\"hr\",\"@id\":\"https:\/\/www.opuzen.hr\/grad\/#\/schema\/logo\/image\/\",\"url\":\"https:\/\/www.opuzen.hr\/grad\/wp-content\/uploads\/2018\/02\/logo-opuzen.jpg\",\"contentUrl\":\"https:\/\/www.opuzen.hr\/grad\/wp-content\/uploads\/2018\/02\/logo-opuzen.jpg\",\"width\":400,\"height\":400,\"caption\":\"Grad Opuzen\"},\"image\":{\"@id\":\"https:\/\/www.opuzen.hr\/grad\/#\/schema\/logo\/image\/\"}}]}<\/script>\n<!-- \/ Yoast SEO plugin. -->","yoast_head_json":{"title":"Finacijska izvje\u0161\u0107a lokalni izbori 2021 - Grad Opuzen","robots":{"index":"index","follow":"follow","max-snippet":"max-snippet:-1","max-image-preview":"max-image-preview:large","max-video-preview":"max-video-preview:-1"},"canonical":"https:\/\/www.opuzen.hr\/grad\/finacijska-izvjesca-lokalni-izbori-2022\/","og_locale":"hr_HR","og_type":"article","og_title":"Finacijska izvje\u0161\u0107a lokalni izbori 2021 - Grad Opuzen","og_description":"Financijska izvje\u0161\u0107a GIP Tro\u0161ak GIP-a Odluka o pravu na naknadu i visini naknade tro\u0161kova izborne...","og_url":"https:\/\/www.opuzen.hr\/grad\/finacijska-izvjesca-lokalni-izbori-2022\/","og_site_name":"Grad Opuzen","article_modified_time":"2022-03-23T13:37:45+00:00","twitter_card":"summary_large_image","schema":{"@context":"https:\/\/schema.org","@graph":[{"@type":"WebPage","@id":"https:\/\/www.opuzen.hr\/grad\/finacijska-izvjesca-lokalni-izbori-2022\/","url":"https:\/\/www.opuzen.hr\/grad\/finacijska-izvjesca-lokalni-izbori-2022\/","name":"Finacijska izvje\u0161\u0107a lokalni izbori 2021 - Grad Opuzen","isPartOf":{"@id":"https:\/\/www.opuzen.hr\/grad\/#website"},"datePublished":"2022-03-23T13:03:38+00:00","dateModified":"2022-03-23T13:37:45+00:00","breadcrumb":{"@id":"https:\/\/www.opuzen.hr\/grad\/finacijska-izvjesca-lokalni-izbori-2022\/#breadcrumb"},"inLanguage":"hr","potentialAction":[{"@type":"ReadAction","target":["https:\/\/www.opuzen.hr\/grad\/finacijska-izvjesca-lokalni-izbori-2022\/"]}]},{"@type":"BreadcrumbList","@id":"https:\/\/www.opuzen.hr\/grad\/finacijska-izvjesca-lokalni-izbori-2022\/#breadcrumb","itemListElement":[{"@type":"ListItem","position":1,"name":"Po\u010detna stranica","item":"https:\/\/www.opuzen.hr\/grad\/"},{"@type":"ListItem","position":2,"name":"Finacijska izvje\u0161\u0107a lokalni izbori 2021"}]},{"@type":"WebSite","@id":"https:\/\/www.opuzen.hr\/grad\/#website","url":"https:\/\/www.opuzen.hr\/grad\/","name":"Grad Opuzen","description":"Slu\u017ebene mre\u017ene stranice Grada Opuzena","publisher":{"@id":"https:\/\/www.opuzen.hr\/grad\/#organization"},"potentialAction":[{"@type":"SearchAction","target":{"@type":"EntryPoint","urlTemplate":"https:\/\/www.opuzen.hr\/grad\/?s={search_term_string}"},"query-input":"required name=search_term_string"}],"inLanguage":"hr"},{"@type":"Organization","@id":"https:\/\/www.opuzen.hr\/grad\/#organization","name":"Grad Opuzen","url":"https:\/\/www.opuzen.hr\/grad\/","logo":{"@type":"ImageObject","inLanguage":"hr","@id":"https:\/\/www.opuzen.hr\/grad\/#\/schema\/logo\/image\/","url":"https:\/\/www.opuzen.hr\/grad\/wp-content\/uploads\/2018\/02\/logo-opuzen.jpg","contentUrl":"https:\/\/www.opuzen.hr\/grad\/wp-content\/uploads\/2018\/02\/logo-opuzen.jpg","width":400,"height":400,"caption":"Grad Opuzen"},"image":{"@id":"https:\/\/www.opuzen.hr\/grad\/#\/schema\/logo\/image\/"}}]}},"_links":{"self":[{"href":"https:\/\/www.opuzen.hr\/grad\/wp-json\/wp\/v2\/pages\/42235"}],"collection":[{"href":"https:\/\/www.opuzen.hr\/grad\/wp-json\/wp\/v2\/pages"}],"about":[{"href":"https:\/\/www.opuzen.hr\/grad\/wp-json\/wp\/v2\/types\/page"}],"author":[{"embeddable":true,"href":"https:\/\/www.opuzen.hr\/grad\/wp-json\/wp\/v2\/users\/3"}],"replies":[{"embeddable":true,"href":"https:\/\/www.opuzen.hr\/grad\/wp-json\/wp\/v2\/comments?post=42235"}],"version-history":[{"count":23,"href":"https:\/\/www.opuzen.hr\/grad\/wp-json\/wp\/v2\/pages\/42235\/revisions"}],"predecessor-version":[{"id":42263,"href":"https:\/\/www.opuzen.hr\/grad\/wp-json\/wp\/v2\/pages\/42235\/revisions\/42263"}],"wp:attachment":[{"href":"https:\/\/www.opuzen.hr\/grad\/wp-json\/wp\/v2\/media?parent=42235"}],"curies":[{"name":"wp","href":"https:\/\/api.w.org\/{rel}","templated":true}]}}