{"id":7294,"date":"2020-10-21T09:26:03","date_gmt":"2020-10-21T07:26:03","guid":{"rendered":"https:\/\/www.opuzen.hr\/grad\/?page_id=7294"},"modified":"2021-02-03T20:34:36","modified_gmt":"2021-02-03T19:34:36","slug":"reciklazno-dvoriste-opuzen","status":"publish","type":"page","link":"https:\/\/www.opuzen.hr\/grad\/reciklazno-dvoriste-opuzen\/","title":{"rendered":"Recikla\u017eno dvori\u0161te Opuzen"},"content":{"rendered":"\t\t<div data-elementor-type=\"wp-page\" data-elementor-id=\"7294\" class=\"elementor elementor-7294\">\n\t\t\t\t\t\t<section class=\"has_eae_slider elementor-section elementor-top-section elementor-element elementor-element-385e870 elementor-section-boxed elementor-section-height-default elementor-section-height-default\" data-id=\"385e870\" data-element_type=\"section\">\n\t\t\t\t\t\t<div class=\"elementor-container elementor-column-gap-default\">\n\t\t\t\t\t<div class=\"has_eae_slider elementor-column elementor-col-100 elementor-top-column elementor-element elementor-element-737db45\" data-id=\"737db45\" data-element_type=\"column\">\n\t\t\t<div class=\"elementor-widget-wrap elementor-element-populated\">\n\t\t\t\t\t\t<div class=\"elementor-element elementor-element-870b47c elementor-widget elementor-widget-heading\" data-id=\"870b47c\" data-element_type=\"widget\" data-widget_type=\"heading.default\">\n\t\t\t\t<div class=\"elementor-widget-container\">\n\t\t\t<h2 class=\"elementor-heading-title elementor-size-default\">Recikla\u017eno dvori\u0161te Opuzen<\/h2>\t\t<\/div>\n\t\t\t\t<\/div>\n\t\t\t\t<div class=\"elementor-element elementor-element-9d78dad elementor-widget-divider--separator-type-pattern elementor-widget-divider--bg-round elementor-widget-divider--view-line elementor-widget elementor-widget-divider\" data-id=\"9d78dad\" data-element_type=\"widget\" data-widget_type=\"divider.default\">\n\t\t\t\t<div class=\"elementor-widget-container\">\n\t\t\t\t\t<div class=\"elementor-divider\" style=\"--divider-pattern-url: url(&quot;data:image\/svg+xml,%3Csvg xmlns=&#039;http:\/\/www.w3.org\/2000\/svg&#039; preserveAspectRatio=&#039;none&#039; overflow=&#039;visible&#039; height=&#039;100%&#039; viewBox=&#039;0 0 60 30&#039; fill=&#039;black&#039; stroke=&#039;none&#039;%3E%3Crect x=&#039;15&#039; y=&#039;0&#039; width=&#039;30&#039; height=&#039;30&#039;\/%3E%3C\/svg%3E&quot;);\">\n\t\t\t<span class=\"elementor-divider-separator\">\n\t\t\t\t\t\t<\/span>\n\t\t<\/div>\n\t\t\t\t<\/div>\n\t\t\t\t<\/div>\n\t\t\t\t\t<\/div>\n\t\t<\/div>\n\t\t\t\t\t<\/div>\n\t\t<\/section>\n\t\t\t\t<section class=\"has_eae_slider elementor-section elementor-top-section elementor-element elementor-element-717fae9 elementor-section-boxed elementor-section-height-default elementor-section-height-default\" data-id=\"717fae9\" data-element_type=\"section\">\n\t\t\t\t\t\t<div class=\"elementor-container elementor-column-gap-default\">\n\t\t\t\t\t<div class=\"has_eae_slider elementor-column elementor-col-100 elementor-top-column elementor-element elementor-element-fbcf137\" data-id=\"fbcf137\" data-element_type=\"column\">\n\t\t\t<div class=\"elementor-widget-wrap elementor-element-populated\">\n\t\t\t\t\t\t<div class=\"elementor-element elementor-element-58d9da3 elementor-widget elementor-widget-heading\" data-id=\"58d9da3\" data-element_type=\"widget\" data-widget_type=\"heading.default\">\n\t\t\t\t<div class=\"elementor-widget-container\">\n\t\t\t<h4 class=\"elementor-heading-title elementor-size-default\">Obavijesti u sklopu projekta<\/h4>\t\t<\/div>\n\t\t\t\t<\/div>\n\t\t\t\t<div class=\"elementor-element elementor-element-f35810a image-position-column elementor-widget elementor-widget-eae-timeline\" data-id=\"f35810a\" data-element_type=\"widget\" data-widget_type=\"eae-timeline.skin3\">\n\t\t\t\t<div class=\"elementor-widget-container\">\n\t\t\t\t\t<section data-layout=\"left\" data-top-offset=\"200\" class=\"eae-layout-left eae-timeline eae-timeline-alternate-no eae-tl-top\">\n\t\t\t<div class=\"eae-timline-progress-bar\">\n\t\t\t\t<div class='eae-pb-inner-line'><\/div>\n\t\t\t<\/div>\n\n\t\t\t\n\t\t\t\t\t\t\t<div class=\"eae-timeline-item\">\n\t\t\t\t\t<div class=\"eae-tl-item-meta-wrapper\">\n\t\t\t\t\t\t<div class=\"eae-tl-item-meta\">\n\t\t\t\t\t\t\t25\/05\/2022\t\t\t\t\t\t<\/div>\n\t\t\t\t\t<\/div>\n\n\t\t\t\t\t<div class=\"eae-tl-icon-wrapper\">\n\t\t\t\t\t\t\t\t\t\t<div class=\"eae-icon eae-icon-item_icon eae-icon-view-default eae-icon-shape-circle eae-icon-type-icon\">\n\t\t\t\t\t<div class=\"eae-icon-wrap\">\n\t\t\t\t\t\t\t\t\t\t\t\t\t\t\t\t\t\t\t\t\t<i class=\"fa fa-arrow-right\"><\/i>\n\t\t\t\t\t\t\t\t\t\t\t\t\t\t\t\t\t\t\t<\/div>\n\t\t\t\t<\/div>\n\t\t\t\t\t\t\t\t\t<\/div>\n\t\t\t\t\t<div class=\"eae-tl-content-wrapper\">\n\n\t\t\t\t\t\t<div class=\"eae-tl-item-content\">\n\t\t\t\t\t\t\t\t\t\t\t\t\t\t<div class=\"eae-tl-content\">\n\t\t\t\t\t\t\t\t<div class=\"eae-content-inner\">\n\t\t\t\t\t\t\t\t\t<div class=\"eae-tl-item-meta-wrapper-inner\">\n\t\t\t\t\t\t\t\t\t\t<div class=\"eae-tl-item-meta-inner\">\n\t\t\t\t\t\t\t\t\t\t\t25\/05\/2022\t\t\t\t\t\t\t\t\t\t<\/div>\n\t\t\t\t\t\t\t\t\t<\/div>\n\t\t\t\t\t\t\t\t\t<h4 itemprop=\"name\" class=\"eae-tl-item-title\" ><a href=\"https:\/\/www.opuzen.hr\/grad\/pozivnica-na-predavanje-i-javnu-tribinu-za-gradane\/\" title=\"Pozivnica na predavanje i javnu tribinu za gra\u0111ane\">Pozivnica na predavanje i javnu tribinu za gra\u0111ane<\/a><\/h4><p>Po\u0161tovana\/po\u0161tovani, pozivamo Vas na predavanje i javnu tribinu o odr\u017eivom gospodarenju otpadom, koje \u0107e se odr\u017eati u utorak, 31.5.2022. godine, u velikoj...<\/p>\t\t\t<div class=\"eae-tl-read-more\">\n\t\t\t\t<a href=\"https:\/\/www.opuzen.hr\/grad\/pozivnica-na-predavanje-i-javnu-tribinu-za-gradane\/\">Pro\u010ditajte vi\u0161e<\/a>\n\t\t\t<\/div>\n\t\t\t\t\t\t\t\t\t\t\t<\/div>\n\t\t\t\t\t\t\t<\/div>\n\t\t\t\t\t\t<\/div>\n\t\t\t\t\t<\/div>\n\n\t\t\t\t<\/div>\n\n\t\t\t\t\t\t\t\t<div class=\"eae-timeline-item\">\n\t\t\t\t\t<div class=\"eae-tl-item-meta-wrapper\">\n\t\t\t\t\t\t<div class=\"eae-tl-item-meta\">\n\t\t\t\t\t\t\t24\/02\/2022\t\t\t\t\t\t<\/div>\n\t\t\t\t\t<\/div>\n\n\t\t\t\t\t<div class=\"eae-tl-icon-wrapper\">\n\t\t\t\t\t\t\t\t\t\t<div class=\"eae-icon eae-icon-item_icon eae-icon-view-default eae-icon-shape-circle eae-icon-type-icon\">\n\t\t\t\t\t<div class=\"eae-icon-wrap\">\n\t\t\t\t\t\t\t\t\t\t\t\t\t\t\t\t\t\t\t\t\t<i class=\"fa fa-arrow-right\"><\/i>\n\t\t\t\t\t\t\t\t\t\t\t\t\t\t\t\t\t\t\t<\/div>\n\t\t\t\t<\/div>\n\t\t\t\t\t\t\t\t\t<\/div>\n\t\t\t\t\t<div class=\"eae-tl-content-wrapper\">\n\n\t\t\t\t\t\t<div class=\"eae-tl-item-content\">\n\t\t\t\t\t\t\t\t\t\t\t\t\t\t<div class=\"eae-tl-content\">\n\t\t\t\t\t\t\t\t<div class=\"eae-content-inner\">\n\t\t\t\t\t\t\t\t\t<div class=\"eae-tl-item-meta-wrapper-inner\">\n\t\t\t\t\t\t\t\t\t\t<div class=\"eae-tl-item-meta-inner\">\n\t\t\t\t\t\t\t\t\t\t\t24\/02\/2022\t\t\t\t\t\t\t\t\t\t<\/div>\n\t\t\t\t\t\t\t\t\t<\/div>\n\t\t\t\t\t\t\t\t\t<h4 itemprop=\"name\" class=\"eae-tl-item-title\" ><a href=\"https:\/\/www.opuzen.hr\/grad\/poziv-na-predavanje-i-javnu-tribinu\/\" title=\"POZIV NA PREDAVANJE I JAVNU TRIBINU\">POZIV NA PREDAVANJE I JAVNU TRIBINU<\/a><\/h4><p>Pozivamo sve zainteresirane gra\u0111ane na predavanje i javnu tribinu o odr\u017eivom gospodarenju otpadom, koje \u0107e se odr\u017eati u utorak, 1.3.2022. godine, u...<\/p>\t\t\t<div class=\"eae-tl-read-more\">\n\t\t\t\t<a href=\"https:\/\/www.opuzen.hr\/grad\/poziv-na-predavanje-i-javnu-tribinu\/\">Pro\u010ditajte vi\u0161e<\/a>\n\t\t\t<\/div>\n\t\t\t\t\t\t\t\t\t\t\t<\/div>\n\t\t\t\t\t\t\t<\/div>\n\t\t\t\t\t\t<\/div>\n\t\t\t\t\t<\/div>\n\n\t\t\t\t<\/div>\n\n\t\t\t\t\t\t\t\t<div class=\"eae-timeline-item\">\n\t\t\t\t\t<div class=\"eae-tl-item-meta-wrapper\">\n\t\t\t\t\t\t<div class=\"eae-tl-item-meta\">\n\t\t\t\t\t\t\t14\/06\/2021\t\t\t\t\t\t<\/div>\n\t\t\t\t\t<\/div>\n\n\t\t\t\t\t<div class=\"eae-tl-icon-wrapper\">\n\t\t\t\t\t\t\t\t\t\t<div class=\"eae-icon eae-icon-item_icon eae-icon-view-default eae-icon-shape-circle eae-icon-type-icon\">\n\t\t\t\t\t<div class=\"eae-icon-wrap\">\n\t\t\t\t\t\t\t\t\t\t\t\t\t\t\t\t\t\t\t\t\t<i class=\"fa fa-arrow-right\"><\/i>\n\t\t\t\t\t\t\t\t\t\t\t\t\t\t\t\t\t\t\t<\/div>\n\t\t\t\t<\/div>\n\t\t\t\t\t\t\t\t\t<\/div>\n\t\t\t\t\t<div class=\"eae-tl-content-wrapper\">\n\n\t\t\t\t\t\t<div class=\"eae-tl-item-content\">\n\t\t\t\t\t\t\t\t\t\t\t\t\t\t<div class=\"eae-tl-content\">\n\t\t\t\t\t\t\t\t<div class=\"eae-content-inner\">\n\t\t\t\t\t\t\t\t\t<div class=\"eae-tl-item-meta-wrapper-inner\">\n\t\t\t\t\t\t\t\t\t\t<div class=\"eae-tl-item-meta-inner\">\n\t\t\t\t\t\t\t\t\t\t\t14\/06\/2021\t\t\t\t\t\t\t\t\t\t<\/div>\n\t\t\t\t\t\t\t\t\t<\/div>\n\t\t\t\t\t\t\t\t\t<h4 itemprop=\"name\" class=\"eae-tl-item-title\" ><a href=\"https:\/\/www.opuzen.hr\/grad\/podjela-bojanki-u-djecjem-vrticu-opuzen-u-okviru-provedbe-projekta-izgradnja-i-opremanje-reciklaznog-dvorista-opuzen\/\" title=\"Podjela bojanki u Dje\u010djem vrti\u0107u Opuzen u okviru provedbe projekta Izgradnja i opremanje recikla\u017enog dvori\u0161ta Opuzen\">Podjela bojanki u Dje\u010djem vrti\u0107u Opuzen u okviru provedbe projekta Izgradnja i opremanje recikla\u017enog dvori\u0161ta Opuzen<\/a><\/h4><p>Grad Opuzen nastavlja provo\u0111enje projekta \"Izgradnja i opremanje recikla\u017enog dvori\u0161ta Opuzen\". U sklopu informativnih aktivnosti vezanih uz projekt je i izrada promotivne...<\/p>\t\t\t<div class=\"eae-tl-read-more\">\n\t\t\t\t<a href=\"https:\/\/www.opuzen.hr\/grad\/podjela-bojanki-u-djecjem-vrticu-opuzen-u-okviru-provedbe-projekta-izgradnja-i-opremanje-reciklaznog-dvorista-opuzen\/\">Pro\u010ditajte vi\u0161e<\/a>\n\t\t\t<\/div>\n\t\t\t\t\t\t\t\t\t\t\t<\/div>\n\t\t\t\t\t\t\t<\/div>\n\t\t\t\t\t\t<\/div>\n\t\t\t\t\t<\/div>\n\n\t\t\t\t<\/div>\n\n\t\t\t\t\t\t\t\t<div class=\"eae-timeline-item\">\n\t\t\t\t\t<div class=\"eae-tl-item-meta-wrapper\">\n\t\t\t\t\t\t<div class=\"eae-tl-item-meta\">\n\t\t\t\t\t\t\t19\/04\/2021\t\t\t\t\t\t<\/div>\n\t\t\t\t\t<\/div>\n\n\t\t\t\t\t<div class=\"eae-tl-icon-wrapper\">\n\t\t\t\t\t\t\t\t\t\t<div class=\"eae-icon eae-icon-item_icon eae-icon-view-default eae-icon-shape-circle eae-icon-type-icon\">\n\t\t\t\t\t<div class=\"eae-icon-wrap\">\n\t\t\t\t\t\t\t\t\t\t\t\t\t\t\t\t\t\t\t\t\t<i class=\"fa fa-arrow-right\"><\/i>\n\t\t\t\t\t\t\t\t\t\t\t\t\t\t\t\t\t\t\t<\/div>\n\t\t\t\t<\/div>\n\t\t\t\t\t\t\t\t\t<\/div>\n\t\t\t\t\t<div class=\"eae-tl-content-wrapper\">\n\n\t\t\t\t\t\t<div class=\"eae-tl-item-content\">\n\t\t\t\t\t\t\t\t\t\t\t\t\t\t<div class=\"eae-tl-content\">\n\t\t\t\t\t\t\t\t<div class=\"eae-content-inner\">\n\t\t\t\t\t\t\t\t\t<div class=\"eae-tl-item-meta-wrapper-inner\">\n\t\t\t\t\t\t\t\t\t\t<div class=\"eae-tl-item-meta-inner\">\n\t\t\t\t\t\t\t\t\t\t\t19\/04\/2021\t\t\t\t\t\t\t\t\t\t<\/div>\n\t\t\t\t\t\t\t\t\t<\/div>\n\t\t\t\t\t\t\t\t\t<h4 itemprop=\"name\" class=\"eae-tl-item-title\" ><a href=\"https:\/\/www.opuzen.hr\/grad\/podjela-letaka-za-gradane-i-platnenih-vrecica-u-okviru-provedbe-projekta-izgradnja-i-opremanje-reciklaznog-dvorista-opuzen\/\" title=\"Podjela letaka za gra\u0111ane i platnenih vre\u0107ica u okviru provedbe projekta Izgradnja i opremanje recikla\u017enog dvori\u0161ta Opuzen\">Podjela letaka za gra\u0111ane i platnenih vre\u0107ica u okviru provedbe projekta Izgradnja i opremanje recikla\u017enog dvori\u0161ta Opuzen<\/a><\/h4><p>Grad Opuzen trenutno provodi projekt \"Izgradnja i opremanje recikla\u017enog dvori\u0161ta Opuzen\". Izme\u0111u ostalog, provedba projekta podrazumijeva i odre\u0111ene izobrazno \u2013 informativne aktivnosti...<\/p>\t\t\t<div class=\"eae-tl-read-more\">\n\t\t\t\t<a href=\"https:\/\/www.opuzen.hr\/grad\/podjela-letaka-za-gradane-i-platnenih-vrecica-u-okviru-provedbe-projekta-izgradnja-i-opremanje-reciklaznog-dvorista-opuzen\/\">Pro\u010ditajte vi\u0161e<\/a>\n\t\t\t<\/div>\n\t\t\t\t\t\t\t\t\t\t\t<\/div>\n\t\t\t\t\t\t\t<\/div>\n\t\t\t\t\t\t<\/div>\n\t\t\t\t\t<\/div>\n\n\t\t\t\t<\/div>\n\n\t\t\t\t\t\t\t\t<div class=\"eae-timeline-item\">\n\t\t\t\t\t<div class=\"eae-tl-item-meta-wrapper\">\n\t\t\t\t\t\t<div class=\"eae-tl-item-meta\">\n\t\t\t\t\t\t\t19\/02\/2021\t\t\t\t\t\t<\/div>\n\t\t\t\t\t<\/div>\n\n\t\t\t\t\t<div class=\"eae-tl-icon-wrapper\">\n\t\t\t\t\t\t\t\t\t\t<div class=\"eae-icon eae-icon-item_icon eae-icon-view-default eae-icon-shape-circle eae-icon-type-icon\">\n\t\t\t\t\t<div class=\"eae-icon-wrap\">\n\t\t\t\t\t\t\t\t\t\t\t\t\t\t\t\t\t\t\t\t\t<i class=\"fa fa-arrow-right\"><\/i>\n\t\t\t\t\t\t\t\t\t\t\t\t\t\t\t\t\t\t\t<\/div>\n\t\t\t\t<\/div>\n\t\t\t\t\t\t\t\t\t<\/div>\n\t\t\t\t\t<div class=\"eae-tl-content-wrapper\">\n\n\t\t\t\t\t\t<div class=\"eae-tl-item-content\">\n\t\t\t\t\t\t\t\t\t\t\t\t\t\t<div class=\"eae-tl-content\">\n\t\t\t\t\t\t\t\t<div class=\"eae-content-inner\">\n\t\t\t\t\t\t\t\t\t<div class=\"eae-tl-item-meta-wrapper-inner\">\n\t\t\t\t\t\t\t\t\t\t<div class=\"eae-tl-item-meta-inner\">\n\t\t\t\t\t\t\t\t\t\t\t19\/02\/2021\t\t\t\t\t\t\t\t\t\t<\/div>\n\t\t\t\t\t\t\t\t\t<\/div>\n\t\t\t\t\t\t\t\t\t<h4 itemprop=\"name\" class=\"eae-tl-item-title\" ><a href=\"https:\/\/www.opuzen.hr\/grad\/potpisan-ugovor-o-izvodenju-radova-na-izgradnji-i-opremanju-reciklaznog-dvorista-opuzen\/\" title=\"Potpisan Ugovor o izvo\u0111enju radova na izgradnji i opremanju recikla\u017enog dvori\u0161ta Opuzen\">Potpisan Ugovor o izvo\u0111enju radova na izgradnji i opremanju recikla\u017enog dvori\u0161ta Opuzen<\/a><\/h4><p>Gradona\u010delnik, Ivo Mihaljevi\u0107 i direktor tvrtke FUNGOR d.o.o., Ivan \u017du\u017eul, potpisali su 19. velja\u010de 2021. godine Ugovor o javnoj nabavi radova na...<\/p>\t\t\t<div class=\"eae-tl-read-more\">\n\t\t\t\t<a href=\"https:\/\/www.opuzen.hr\/grad\/potpisan-ugovor-o-izvodenju-radova-na-izgradnji-i-opremanju-reciklaznog-dvorista-opuzen\/\">Pro\u010ditajte vi\u0161e<\/a>\n\t\t\t<\/div>\n\t\t\t\t\t\t\t\t\t\t\t<\/div>\n\t\t\t\t\t\t\t<\/div>\n\t\t\t\t\t\t<\/div>\n\t\t\t\t\t<\/div>\n\n\t\t\t\t<\/div>\n\n\t\t\t\t\t\t\t\t<div class=\"eae-timeline-item\">\n\t\t\t\t\t<div class=\"eae-tl-item-meta-wrapper\">\n\t\t\t\t\t\t<div class=\"eae-tl-item-meta\">\n\t\t\t\t\t\t\t05\/02\/2021\t\t\t\t\t\t<\/div>\n\t\t\t\t\t<\/div>\n\n\t\t\t\t\t<div class=\"eae-tl-icon-wrapper\">\n\t\t\t\t\t\t\t\t\t\t<div class=\"eae-icon eae-icon-item_icon eae-icon-view-default eae-icon-shape-circle eae-icon-type-icon\">\n\t\t\t\t\t<div class=\"eae-icon-wrap\">\n\t\t\t\t\t\t\t\t\t\t\t\t\t\t\t\t\t\t\t\t\t<i class=\"fa fa-arrow-right\"><\/i>\n\t\t\t\t\t\t\t\t\t\t\t\t\t\t\t\t\t\t\t<\/div>\n\t\t\t\t<\/div>\n\t\t\t\t\t\t\t\t\t<\/div>\n\t\t\t\t\t<div class=\"eae-tl-content-wrapper\">\n\n\t\t\t\t\t\t<div class=\"eae-tl-item-content\">\n\t\t\t\t\t\t\t\t\t\t\t\t\t\t<div class=\"eae-tl-content\">\n\t\t\t\t\t\t\t\t<div class=\"eae-content-inner\">\n\t\t\t\t\t\t\t\t\t<div class=\"eae-tl-item-meta-wrapper-inner\">\n\t\t\t\t\t\t\t\t\t\t<div class=\"eae-tl-item-meta-inner\">\n\t\t\t\t\t\t\t\t\t\t\t05\/02\/2021\t\t\t\t\t\t\t\t\t\t<\/div>\n\t\t\t\t\t\t\t\t\t<\/div>\n\t\t\t\t\t\t\t\t\t<h4 itemprop=\"name\" class=\"eae-tl-item-title\" ><a href=\"https:\/\/www.opuzen.hr\/grad\/odluka-o-odabiru-u-postupku-jednostavne-nabave-za-predmet-nabave-usluge-projektantskog-nadzora-nad-izvodenjem-radova-na-izgradnji-i-opremanju-reciklaznog-dvorista-opuzen\/\" title=\"Odluka o odabiru u postupku jednostavne nabave za predmet nabave: \u201cUsluge projektantskog nadzora nad izvo\u0111enjem radova na izgradnji i opremanju recikla\u017enog dvori\u0161ta Opuzen\u201d\">Odluka o odabiru u postupku jednostavne nabave za predmet nabave: \u201cUsluge projektantskog nadzora nad izvo\u0111enjem radova na izgradnji i opremanju recikla\u017enog dvori\u0161ta Opuzen\u201d<\/a><\/h4><p>Na temelju \u010dlanka 45. Statuta Grada Opuzena (\u201eSlu\u017ebeni glasnik Grada Opuzena\u201c, broj 3\/13 i 2\/18 - Statutarna odluka o izmjenama i dopunama...<\/p>\t\t\t<div class=\"eae-tl-read-more\">\n\t\t\t\t<a href=\"https:\/\/www.opuzen.hr\/grad\/odluka-o-odabiru-u-postupku-jednostavne-nabave-za-predmet-nabave-usluge-projektantskog-nadzora-nad-izvodenjem-radova-na-izgradnji-i-opremanju-reciklaznog-dvorista-opuzen\/\">Pro\u010ditajte vi\u0161e<\/a>\n\t\t\t<\/div>\n\t\t\t\t\t\t\t\t\t\t\t<\/div>\n\t\t\t\t\t\t\t<\/div>\n\t\t\t\t\t\t<\/div>\n\t\t\t\t\t<\/div>\n\n\t\t\t\t<\/div>\n\n\t\t\t\t\t\t\t\t<div class=\"eae-timeline-item\">\n\t\t\t\t\t<div class=\"eae-tl-item-meta-wrapper\">\n\t\t\t\t\t\t<div class=\"eae-tl-item-meta\">\n\t\t\t\t\t\t\t03\/02\/2021\t\t\t\t\t\t<\/div>\n\t\t\t\t\t<\/div>\n\n\t\t\t\t\t<div class=\"eae-tl-icon-wrapper\">\n\t\t\t\t\t\t\t\t\t\t<div class=\"eae-icon eae-icon-item_icon eae-icon-view-default eae-icon-shape-circle eae-icon-type-icon\">\n\t\t\t\t\t<div class=\"eae-icon-wrap\">\n\t\t\t\t\t\t\t\t\t\t\t\t\t\t\t\t\t\t\t\t\t<i class=\"fa fa-arrow-right\"><\/i>\n\t\t\t\t\t\t\t\t\t\t\t\t\t\t\t\t\t\t\t<\/div>\n\t\t\t\t<\/div>\n\t\t\t\t\t\t\t\t\t<\/div>\n\t\t\t\t\t<div class=\"eae-tl-content-wrapper\">\n\n\t\t\t\t\t\t<div class=\"eae-tl-item-content\">\n\t\t\t\t\t\t\t\t\t\t\t\t\t\t<div class=\"eae-tl-content\">\n\t\t\t\t\t\t\t\t<div class=\"eae-content-inner\">\n\t\t\t\t\t\t\t\t\t<div class=\"eae-tl-item-meta-wrapper-inner\">\n\t\t\t\t\t\t\t\t\t\t<div class=\"eae-tl-item-meta-inner\">\n\t\t\t\t\t\t\t\t\t\t\t03\/02\/2021\t\t\t\t\t\t\t\t\t\t<\/div>\n\t\t\t\t\t\t\t\t\t<\/div>\n\t\t\t\t\t\t\t\t\t<h4 itemprop=\"name\" class=\"eae-tl-item-title\" ><a href=\"https:\/\/www.opuzen.hr\/grad\/odluka-o-odabiru-u-postupku-jednostavne-nabave-za-predmet-nabave-usluge-strucnog-nadzora-nad-izvodenjem-radova-na-izgradnji-i-opremanju-reciklaznog-dvorista-opuzen\/\" title=\"Odluka o odabiru u postupku jednostavne nabave za predmet nabave: &#8220;Usluge stru\u010dnog nadzora nad izvo\u0111enjem radova na izgradnji i opremanju recikla\u017enog dvori\u0161ta Opuzen&#8221;\">Odluka o odabiru u postupku jednostavne nabave za predmet nabave: \"Usluge stru\u010dnog nadzora nad izvo\u0111enjem radova na izgradnji i opremanju recikla\u017enog dvori\u0161ta Opuzen\"<\/a><\/h4><p>Na temelju \u010dlanka 45. Statuta Grada Opuzena (\u201eSlu\u017ebeni glasnik Grada Opuzena\u201c, broj 3\/13 i 2\/18 - Statutarna odluka o izmjenama i dopunama...<\/p>\t\t\t<div class=\"eae-tl-read-more\">\n\t\t\t\t<a href=\"https:\/\/www.opuzen.hr\/grad\/odluka-o-odabiru-u-postupku-jednostavne-nabave-za-predmet-nabave-usluge-strucnog-nadzora-nad-izvodenjem-radova-na-izgradnji-i-opremanju-reciklaznog-dvorista-opuzen\/\">Pro\u010ditajte vi\u0161e<\/a>\n\t\t\t<\/div>\n\t\t\t\t\t\t\t\t\t\t\t<\/div>\n\t\t\t\t\t\t\t<\/div>\n\t\t\t\t\t\t<\/div>\n\t\t\t\t\t<\/div>\n\n\t\t\t\t<\/div>\n\n\t\t\t\t\t\t\t\t<div class=\"eae-timeline-item\">\n\t\t\t\t\t<div class=\"eae-tl-item-meta-wrapper\">\n\t\t\t\t\t\t<div class=\"eae-tl-item-meta\">\n\t\t\t\t\t\t\t01\/02\/2021\t\t\t\t\t\t<\/div>\n\t\t\t\t\t<\/div>\n\n\t\t\t\t\t<div class=\"eae-tl-icon-wrapper\">\n\t\t\t\t\t\t\t\t\t\t<div class=\"eae-icon eae-icon-item_icon eae-icon-view-default eae-icon-shape-circle eae-icon-type-icon\">\n\t\t\t\t\t<div class=\"eae-icon-wrap\">\n\t\t\t\t\t\t\t\t\t\t\t\t\t\t\t\t\t\t\t\t\t<i class=\"fa fa-arrow-right\"><\/i>\n\t\t\t\t\t\t\t\t\t\t\t\t\t\t\t\t\t\t\t<\/div>\n\t\t\t\t<\/div>\n\t\t\t\t\t\t\t\t\t<\/div>\n\t\t\t\t\t<div class=\"eae-tl-content-wrapper\">\n\n\t\t\t\t\t\t<div class=\"eae-tl-item-content\">\n\t\t\t\t\t\t\t\t\t\t\t\t\t\t<div class=\"eae-tl-content\">\n\t\t\t\t\t\t\t\t<div class=\"eae-content-inner\">\n\t\t\t\t\t\t\t\t\t<div class=\"eae-tl-item-meta-wrapper-inner\">\n\t\t\t\t\t\t\t\t\t\t<div class=\"eae-tl-item-meta-inner\">\n\t\t\t\t\t\t\t\t\t\t\t01\/02\/2021\t\t\t\t\t\t\t\t\t\t<\/div>\n\t\t\t\t\t\t\t\t\t<\/div>\n\t\t\t\t\t\t\t\t\t<h4 itemprop=\"name\" class=\"eae-tl-item-title\" ><a href=\"https:\/\/www.opuzen.hr\/grad\/poziv-na-dostavu-ponude-u-postupku-jednostavne-nabave-usluge-projektantskog-nadzora-nad-izvodenjem-radova-na-izgradnji-i-opremanju-reciklaznog-dvorista-opuzen\/\" title=\"Poziv na dostavu ponude u postupku jednostavne nabave usluge projektantskog nadzora nad izvo\u0111enjem radova na izgradnji i opremanju  recikla\u017enog dvori\u0161ta Opuzen\">Poziv na dostavu ponude u postupku jednostavne nabave usluge projektantskog nadzora nad izvo\u0111enjem radova na izgradnji i opremanju  recikla\u017enog dvori\u0161ta Opuzen<\/a><\/h4><p>Poziv na dostavu ponude u postupku jednostavne nabave usluge projektantskog nadzora nad izvo\u0111enjem radova na izgradnji i opremanju recikla\u017enog dvori\u0161ta Opuzen Evidencijski...<\/p>\t\t\t<div class=\"eae-tl-read-more\">\n\t\t\t\t<a href=\"https:\/\/www.opuzen.hr\/grad\/poziv-na-dostavu-ponude-u-postupku-jednostavne-nabave-usluge-projektantskog-nadzora-nad-izvodenjem-radova-na-izgradnji-i-opremanju-reciklaznog-dvorista-opuzen\/\">Pro\u010ditajte vi\u0161e<\/a>\n\t\t\t<\/div>\n\t\t\t\t\t\t\t\t\t\t\t<\/div>\n\t\t\t\t\t\t\t<\/div>\n\t\t\t\t\t\t<\/div>\n\t\t\t\t\t<\/div>\n\n\t\t\t\t<\/div>\n\n\t\t\t\t\t\t\t\t<div class=\"eae-timeline-item\">\n\t\t\t\t\t<div class=\"eae-tl-item-meta-wrapper\">\n\t\t\t\t\t\t<div class=\"eae-tl-item-meta\">\n\t\t\t\t\t\t\t28\/01\/2021\t\t\t\t\t\t<\/div>\n\t\t\t\t\t<\/div>\n\n\t\t\t\t\t<div class=\"eae-tl-icon-wrapper\">\n\t\t\t\t\t\t\t\t\t\t<div class=\"eae-icon eae-icon-item_icon eae-icon-view-default eae-icon-shape-circle eae-icon-type-icon\">\n\t\t\t\t\t<div class=\"eae-icon-wrap\">\n\t\t\t\t\t\t\t\t\t\t\t\t\t\t\t\t\t\t\t\t\t<i class=\"fa fa-arrow-right\"><\/i>\n\t\t\t\t\t\t\t\t\t\t\t\t\t\t\t\t\t\t\t<\/div>\n\t\t\t\t<\/div>\n\t\t\t\t\t\t\t\t\t<\/div>\n\t\t\t\t\t<div class=\"eae-tl-content-wrapper\">\n\n\t\t\t\t\t\t<div class=\"eae-tl-item-content\">\n\t\t\t\t\t\t\t\t\t\t\t\t\t\t<div class=\"eae-tl-content\">\n\t\t\t\t\t\t\t\t<div class=\"eae-content-inner\">\n\t\t\t\t\t\t\t\t\t<div class=\"eae-tl-item-meta-wrapper-inner\">\n\t\t\t\t\t\t\t\t\t\t<div class=\"eae-tl-item-meta-inner\">\n\t\t\t\t\t\t\t\t\t\t\t28\/01\/2021\t\t\t\t\t\t\t\t\t\t<\/div>\n\t\t\t\t\t\t\t\t\t<\/div>\n\t\t\t\t\t\t\t\t\t<h4 itemprop=\"name\" class=\"eae-tl-item-title\" ><a href=\"https:\/\/www.opuzen.hr\/grad\/odluka-o-odabiru-u-otvorenom-postupku-javne-nabave-male-vrijednosti-za-predmet-nabave-izgradnja-i-opremanje-reciklaznog-dvorista-opuzen\/\" title=\"Odluka o odabiru u otvorenom postupku javne nabave male vrijednosti, za predmet nabave: \u201eIzgradnja i opremanje recikla\u017enog dvori\u0161ta Opuzen\u201c\">Odluka o odabiru u otvorenom postupku javne nabave male vrijednosti, za predmet nabave: \u201eIzgradnja i opremanje recikla\u017enog dvori\u0161ta Opuzen\u201c<\/a><\/h4><p>Temeljem \u010dlanka 302. Zakona o javnoj nabavi (\u201eNarodne novine\u201c, broj 120\/16, dalje u tekstu: ZJN 2016), u otvorenom postupku javne nabave male...<\/p>\t\t\t<div class=\"eae-tl-read-more\">\n\t\t\t\t<a href=\"https:\/\/www.opuzen.hr\/grad\/odluka-o-odabiru-u-otvorenom-postupku-javne-nabave-male-vrijednosti-za-predmet-nabave-izgradnja-i-opremanje-reciklaznog-dvorista-opuzen\/\">Pro\u010ditajte vi\u0161e<\/a>\n\t\t\t<\/div>\n\t\t\t\t\t\t\t\t\t\t\t<\/div>\n\t\t\t\t\t\t\t<\/div>\n\t\t\t\t\t\t<\/div>\n\t\t\t\t\t<\/div>\n\n\t\t\t\t<\/div>\n\n\t\t\t\t\t\t\t\t<div class=\"eae-timeline-item\">\n\t\t\t\t\t<div class=\"eae-tl-item-meta-wrapper\">\n\t\t\t\t\t\t<div class=\"eae-tl-item-meta\">\n\t\t\t\t\t\t\t27\/01\/2021\t\t\t\t\t\t<\/div>\n\t\t\t\t\t<\/div>\n\n\t\t\t\t\t<div class=\"eae-tl-icon-wrapper\">\n\t\t\t\t\t\t\t\t\t\t<div class=\"eae-icon eae-icon-item_icon eae-icon-view-default eae-icon-shape-circle eae-icon-type-icon\">\n\t\t\t\t\t<div class=\"eae-icon-wrap\">\n\t\t\t\t\t\t\t\t\t\t\t\t\t\t\t\t\t\t\t\t\t<i class=\"fa fa-arrow-right\"><\/i>\n\t\t\t\t\t\t\t\t\t\t\t\t\t\t\t\t\t\t\t<\/div>\n\t\t\t\t<\/div>\n\t\t\t\t\t\t\t\t\t<\/div>\n\t\t\t\t\t<div class=\"eae-tl-content-wrapper\">\n\n\t\t\t\t\t\t<div class=\"eae-tl-item-content\">\n\t\t\t\t\t\t\t\t\t\t\t\t\t\t<div class=\"eae-tl-content\">\n\t\t\t\t\t\t\t\t<div class=\"eae-content-inner\">\n\t\t\t\t\t\t\t\t\t<div class=\"eae-tl-item-meta-wrapper-inner\">\n\t\t\t\t\t\t\t\t\t\t<div class=\"eae-tl-item-meta-inner\">\n\t\t\t\t\t\t\t\t\t\t\t27\/01\/2021\t\t\t\t\t\t\t\t\t\t<\/div>\n\t\t\t\t\t\t\t\t\t<\/div>\n\t\t\t\t\t\t\t\t\t<h4 itemprop=\"name\" class=\"eae-tl-item-title\" ><a href=\"https:\/\/www.opuzen.hr\/grad\/poziv-za-dostavu-ponuda-u-postupku-jednostavne-nabave-usluge-strucnog-nadzora-nad-izvodenjem-radova-na-izgradnji-i-opremanju-reciklaznog-dvorista-opuzen\/\" title=\"Poziv za dostavu ponuda u postupku jednostavne nabave usluge stru\u010dnog nadzora nad izvo\u0111enjem radova na izgradnji i opremanju recikla\u017enog dvori\u0161ta Opuzen\">Poziv za dostavu ponuda u postupku jednostavne nabave usluge stru\u010dnog nadzora nad izvo\u0111enjem radova na izgradnji i opremanju recikla\u017enog dvori\u0161ta Opuzen<\/a><\/h4><p>POZIV ZA DOSTAVU PONUDA u postupku jednostavne nabave usluge stru\u010dnog nadzora nad izvo\u0111enjem radova na izgradnji i opremanju recikla\u017enog dvori\u0161ta Opuzen mo\u017eete...<\/p>\t\t\t<div class=\"eae-tl-read-more\">\n\t\t\t\t<a href=\"https:\/\/www.opuzen.hr\/grad\/poziv-za-dostavu-ponuda-u-postupku-jednostavne-nabave-usluge-strucnog-nadzora-nad-izvodenjem-radova-na-izgradnji-i-opremanju-reciklaznog-dvorista-opuzen\/\">Pro\u010ditajte vi\u0161e<\/a>\n\t\t\t<\/div>\n\t\t\t\t\t\t\t\t\t\t\t<\/div>\n\t\t\t\t\t\t\t<\/div>\n\t\t\t\t\t\t<\/div>\n\t\t\t\t\t<\/div>\n\n\t\t\t\t<\/div>\n\n\t\t\t\t\t\t\t\t<div class=\"eae-timeline-item\">\n\t\t\t\t\t<div class=\"eae-tl-item-meta-wrapper\">\n\t\t\t\t\t\t<div class=\"eae-tl-item-meta\">\n\t\t\t\t\t\t\t13\/01\/2021\t\t\t\t\t\t<\/div>\n\t\t\t\t\t<\/div>\n\n\t\t\t\t\t<div class=\"eae-tl-icon-wrapper\">\n\t\t\t\t\t\t\t\t\t\t<div class=\"eae-icon eae-icon-item_icon eae-icon-view-default eae-icon-shape-circle eae-icon-type-icon\">\n\t\t\t\t\t<div class=\"eae-icon-wrap\">\n\t\t\t\t\t\t\t\t\t\t\t\t\t\t\t\t\t\t\t\t\t<i class=\"fa fa-arrow-right\"><\/i>\n\t\t\t\t\t\t\t\t\t\t\t\t\t\t\t\t\t\t\t<\/div>\n\t\t\t\t<\/div>\n\t\t\t\t\t\t\t\t\t<\/div>\n\t\t\t\t\t<div class=\"eae-tl-content-wrapper\">\n\n\t\t\t\t\t\t<div class=\"eae-tl-item-content\">\n\t\t\t\t\t\t\t\t\t\t\t\t\t\t<div class=\"eae-tl-content\">\n\t\t\t\t\t\t\t\t<div class=\"eae-content-inner\">\n\t\t\t\t\t\t\t\t\t<div class=\"eae-tl-item-meta-wrapper-inner\">\n\t\t\t\t\t\t\t\t\t\t<div class=\"eae-tl-item-meta-inner\">\n\t\t\t\t\t\t\t\t\t\t\t13\/01\/2021\t\t\t\t\t\t\t\t\t\t<\/div>\n\t\t\t\t\t\t\t\t\t<\/div>\n\t\t\t\t\t\t\t\t\t<h4 itemprop=\"name\" class=\"eae-tl-item-title\" ><a href=\"https:\/\/www.opuzen.hr\/grad\/usluga-provodenja-izobrazno-informativnih-aktivnosti-na-projektu-izgradnja-i-opremanje-reciklaznog-dvorista-opuzen-odluka-o-odabiru-ekonomski-najpovoljnije-ponude\/\" title=\"Usluga provo\u0111enja izobrazno &#8211; informativnih aktivnosti na projektu \u201eIzgradnja i opremanje recikla\u017enog dvori\u0161ta Opuzen\u201c- Odluka o odabiru ekonomski najpovoljnije ponude\">Usluga provo\u0111enja izobrazno - informativnih aktivnosti na projektu \u201eIzgradnja i opremanje recikla\u017enog dvori\u0161ta Opuzen\u201c- Odluka o odabiru ekonomski najpovoljnije ponude<\/a><\/h4><p>Grad Opuzen, kao javni naru\u010ditelj, pokrenuo je postupak jednostavne nabave slanjem Poziv na dostavu ponude elektroni\u010dkim putem na adrese tri gospodarska subjekta...<\/p>\t\t\t<div class=\"eae-tl-read-more\">\n\t\t\t\t<a href=\"https:\/\/www.opuzen.hr\/grad\/usluga-provodenja-izobrazno-informativnih-aktivnosti-na-projektu-izgradnja-i-opremanje-reciklaznog-dvorista-opuzen-odluka-o-odabiru-ekonomski-najpovoljnije-ponude\/\">Pro\u010ditajte vi\u0161e<\/a>\n\t\t\t<\/div>\n\t\t\t\t\t\t\t\t\t\t\t<\/div>\n\t\t\t\t\t\t\t<\/div>\n\t\t\t\t\t\t<\/div>\n\t\t\t\t\t<\/div>\n\n\t\t\t\t<\/div>\n\n\t\t\t\t\t\t\t\t<div class=\"eae-timeline-item\">\n\t\t\t\t\t<div class=\"eae-tl-item-meta-wrapper\">\n\t\t\t\t\t\t<div class=\"eae-tl-item-meta\">\n\t\t\t\t\t\t\t28\/12\/2020\t\t\t\t\t\t<\/div>\n\t\t\t\t\t<\/div>\n\n\t\t\t\t\t<div class=\"eae-tl-icon-wrapper\">\n\t\t\t\t\t\t\t\t\t\t<div class=\"eae-icon eae-icon-item_icon eae-icon-view-default eae-icon-shape-circle eae-icon-type-icon\">\n\t\t\t\t\t<div class=\"eae-icon-wrap\">\n\t\t\t\t\t\t\t\t\t\t\t\t\t\t\t\t\t\t\t\t\t<i class=\"fa fa-arrow-right\"><\/i>\n\t\t\t\t\t\t\t\t\t\t\t\t\t\t\t\t\t\t\t<\/div>\n\t\t\t\t<\/div>\n\t\t\t\t\t\t\t\t\t<\/div>\n\t\t\t\t\t<div class=\"eae-tl-content-wrapper\">\n\n\t\t\t\t\t\t<div class=\"eae-tl-item-content\">\n\t\t\t\t\t\t\t\t\t\t\t\t\t\t<div class=\"eae-tl-content\">\n\t\t\t\t\t\t\t\t<div class=\"eae-content-inner\">\n\t\t\t\t\t\t\t\t\t<div class=\"eae-tl-item-meta-wrapper-inner\">\n\t\t\t\t\t\t\t\t\t\t<div class=\"eae-tl-item-meta-inner\">\n\t\t\t\t\t\t\t\t\t\t\t28\/12\/2020\t\t\t\t\t\t\t\t\t\t<\/div>\n\t\t\t\t\t\t\t\t\t<\/div>\n\t\t\t\t\t\t\t\t\t<h4 itemprop=\"name\" class=\"eae-tl-item-title\" ><a href=\"https:\/\/www.opuzen.hr\/grad\/poziv-na-dostavu-ponuda-u-postupku-jednostavne-nabave-za-usluge-provodenja-izobrazno-informativnih-aktivnosti-na-projektu-izgradnja-i-opremanje-reciklaznog-dvorista-opuzen\/\" title=\"Poziv na dostavu ponuda u postupku jednostavne nabave za usluge provo\u0111enja izobrazno &#8211; informativnih aktivnosti na projektu \u201eIzgradnja i opremanje recikla\u017enog dvori\u0161ta Opuzen\u201c\">Poziv na dostavu ponuda u postupku jednostavne nabave za usluge provo\u0111enja izobrazno - informativnih aktivnosti na projektu \u201eIzgradnja i opremanje recikla\u017enog dvori\u0161ta Opuzen\u201c<\/a><\/h4><p>POZIV NA DOSTAVU PONUDA u postupku jednostavne nabave za usluge provo\u0111enja izobrazno - informativnih aktivnosti na projektu \u201eIzgradnja i opremanje recikla\u017enog dvori\u0161ta...<\/p>\t\t\t<div class=\"eae-tl-read-more\">\n\t\t\t\t<a href=\"https:\/\/www.opuzen.hr\/grad\/poziv-na-dostavu-ponuda-u-postupku-jednostavne-nabave-za-usluge-provodenja-izobrazno-informativnih-aktivnosti-na-projektu-izgradnja-i-opremanje-reciklaznog-dvorista-opuzen\/\">Pro\u010ditajte vi\u0161e<\/a>\n\t\t\t<\/div>\n\t\t\t\t\t\t\t\t\t\t\t<\/div>\n\t\t\t\t\t\t\t<\/div>\n\t\t\t\t\t\t<\/div>\n\t\t\t\t\t<\/div>\n\n\t\t\t\t<\/div>\n\n\t\t\t\t\t\t\t\t<div class=\"eae-timeline-item\">\n\t\t\t\t\t<div class=\"eae-tl-item-meta-wrapper\">\n\t\t\t\t\t\t<div class=\"eae-tl-item-meta\">\n\t\t\t\t\t\t\t18\/12\/2020\t\t\t\t\t\t<\/div>\n\t\t\t\t\t<\/div>\n\n\t\t\t\t\t<div class=\"eae-tl-icon-wrapper\">\n\t\t\t\t\t\t\t\t\t\t<div class=\"eae-icon eae-icon-item_icon eae-icon-view-default eae-icon-shape-circle eae-icon-type-icon\">\n\t\t\t\t\t<div class=\"eae-icon-wrap\">\n\t\t\t\t\t\t\t\t\t\t\t\t\t\t\t\t\t\t\t\t\t<i class=\"fa fa-arrow-right\"><\/i>\n\t\t\t\t\t\t\t\t\t\t\t\t\t\t\t\t\t\t\t<\/div>\n\t\t\t\t<\/div>\n\t\t\t\t\t\t\t\t\t<\/div>\n\t\t\t\t\t<div class=\"eae-tl-content-wrapper\">\n\n\t\t\t\t\t\t<div class=\"eae-tl-item-content\">\n\t\t\t\t\t\t\t\t\t\t\t\t\t\t<div class=\"eae-tl-content\">\n\t\t\t\t\t\t\t\t<div class=\"eae-content-inner\">\n\t\t\t\t\t\t\t\t\t<div class=\"eae-tl-item-meta-wrapper-inner\">\n\t\t\t\t\t\t\t\t\t\t<div class=\"eae-tl-item-meta-inner\">\n\t\t\t\t\t\t\t\t\t\t\t18\/12\/2020\t\t\t\t\t\t\t\t\t\t<\/div>\n\t\t\t\t\t\t\t\t\t<\/div>\n\t\t\t\t\t\t\t\t\t<h4 itemprop=\"name\" class=\"eae-tl-item-title\" ><a href=\"https:\/\/www.opuzen.hr\/grad\/obavijest-o-nadmetanju-izgradnja-i-opremanje-reciklaznog-dvorista-opuzen\/\" title=\"Obavijest o nadmetanju\u00a0Izgradnja i opremanje recikla\u017enog dvori\u0161ta Opuzen\">Obavijest o nadmetanju\u00a0Izgradnja i opremanje recikla\u017enog dvori\u0161ta Opuzen<\/a><\/h4><p>U Elektroni\u010dkom oglasniku javne nabave dana 18. prosinca 2020. godine objavljena je Obavijest o nadmetanju za postupak: Izgradnja i opremanje recikla\u017enog dvori\u0161ta...<\/p>\t\t\t<div class=\"eae-tl-read-more\">\n\t\t\t\t<a href=\"https:\/\/www.opuzen.hr\/grad\/obavijest-o-nadmetanju-izgradnja-i-opremanje-reciklaznog-dvorista-opuzen\/\">Pro\u010ditajte vi\u0161e<\/a>\n\t\t\t<\/div>\n\t\t\t\t\t\t\t\t\t\t\t<\/div>\n\t\t\t\t\t\t\t<\/div>\n\t\t\t\t\t\t<\/div>\n\t\t\t\t\t<\/div>\n\n\t\t\t\t<\/div>\n\n\t\t\t\t\t\t<\/section>\n\n\t\t\t\t<\/div>\n\t\t\t\t<\/div>\n\t\t\t\t\t<\/div>\n\t\t<\/div>\n\t\t\t\t\t<\/div>\n\t\t<\/section>\n\t\t\t\t<section class=\"has_eae_slider elementor-section elementor-top-section elementor-element elementor-element-8e4e5a6 elementor-section-boxed elementor-section-height-default elementor-section-height-default\" data-id=\"8e4e5a6\" data-element_type=\"section\">\n\t\t\t\t\t\t<div class=\"elementor-container elementor-column-gap-default\">\n\t\t\t\t\t<div class=\"has_eae_slider elementor-column elementor-col-100 elementor-top-column elementor-element elementor-element-8c4a89a\" data-id=\"8c4a89a\" data-element_type=\"column\">\n\t\t\t<div class=\"elementor-widget-wrap elementor-element-populated\">\n\t\t\t\t\t\t<div class=\"elementor-element elementor-element-2f4ed62 elementor-widget elementor-widget-image\" data-id=\"2f4ed62\" data-element_type=\"widget\" data-widget_type=\"image.default\">\n\t\t\t\t<div class=\"elementor-widget-container\">\n\t\t\t\t\t\t\t\t\t\t\t\t\t<img fetchpriority=\"high\" decoding=\"async\" width=\"605\" height=\"143\" src=\"https:\/\/www.opuzen.hr\/grad\/wp-content\/uploads\/2019\/11\/elementi-vidljivosti.png\" class=\"attachment-large size-large wp-image-6320\" alt=\"\" srcset=\"https:\/\/www.opuzen.hr\/grad\/wp-content\/uploads\/2019\/11\/elementi-vidljivosti.png 605w, https:\/\/www.opuzen.hr\/grad\/wp-content\/uploads\/2019\/11\/elementi-vidljivosti-300x71.png 300w, https:\/\/www.opuzen.hr\/grad\/wp-content\/uploads\/2019\/11\/elementi-vidljivosti-600x142.png 600w, https:\/\/www.opuzen.hr\/grad\/wp-content\/uploads\/2019\/11\/elementi-vidljivosti-150x35.png 150w\" sizes=\"(max-width: 605px) 100vw, 605px\" \/>\t\t\t\t\t\t\t\t\t\t\t\t\t<\/div>\n\t\t\t\t<\/div>\n\t\t\t\t\t<\/div>\n\t\t<\/div>\n\t\t\t\t\t<\/div>\n\t\t<\/section>\n\t\t\t\t<\/div>\n\t\t","protected":false},"excerpt":{"rendered":"<p>Recikla\u017eno dvori\u0161te Opuzen Obavijesti u sklopu projekta 03\/02\/2021 03\/02\/2021 &lt;atarget=&#8221;_blank&#8221; href=&#8221;https:\/\/www.opuzen.hr\/grad\/odluka-o-odabiru-u-postupku-jednostavne-nabave-za-predmet-nabave-usluge-strucnog-nadzora-nad-izvodenjem-radova-na-izgradnji-i-opremanju-reciklaznog-dvorista-opuzen\/&#8221; title=&#8221;Odluka o odabiru u&#8230;<\/p>\n","protected":false},"author":3,"featured_media":0,"parent":0,"menu_order":0,"comment_status":"closed","ping_status":"closed","template":"","meta":{"footnotes":""},"class_list":["post-7294","page","type-page","status-publish","hentry","wpcat-4-id","wpcat-377-id"],"yoast_head":"<!-- This site is optimized with the Yoast SEO plugin v23.1 - https:\/\/yoast.com\/wordpress\/plugins\/seo\/ -->\n<title>Recikla\u017eno dvori\u0161te Opuzen - Grad Opuzen<\/title>\n<meta name=\"robots\" content=\"index, follow, max-snippet:-1, max-image-preview:large, max-video-preview:-1\" \/>\n<link rel=\"canonical\" href=\"https:\/\/www.opuzen.hr\/grad\/reciklazno-dvoriste-opuzen\/\" \/>\n<meta property=\"og:locale\" content=\"hr_HR\" \/>\n<meta property=\"og:type\" content=\"article\" \/>\n<meta property=\"og:title\" content=\"Recikla\u017eno dvori\u0161te Opuzen - Grad Opuzen\" \/>\n<meta property=\"og:description\" content=\"Recikla\u017eno dvori\u0161te Opuzen Obavijesti u sklopu projekta 03\/02\/2021 03\/02\/2021 &lt;atarget=&#8221;_blank&#8221; href=&#8221;https:\/\/www.opuzen.hr\/grad\/odluka-o-odabiru-u-postupku-jednostavne-nabave-za-predmet-nabave-usluge-strucnog-nadzora-nad-izvodenjem-radova-na-izgradnji-i-opremanju-reciklaznog-dvorista-opuzen\/&#8221; title=&#8221;Odluka o odabiru u...\" \/>\n<meta property=\"og:url\" content=\"https:\/\/www.opuzen.hr\/grad\/reciklazno-dvoriste-opuzen\/\" \/>\n<meta property=\"og:site_name\" content=\"Grad Opuzen\" \/>\n<meta property=\"article:modified_time\" content=\"2021-02-03T19:34:36+00:00\" \/>\n<meta property=\"og:image\" content=\"https:\/\/www.opuzen.hr\/grad\/wp-content\/uploads\/2019\/11\/elementi-vidljivosti.png\" \/>\n<meta name=\"twitter:card\" content=\"summary_large_image\" \/>\n<meta name=\"twitter:label1\" content=\"Procijenjeno vrijeme \u010ditanja\" \/>\n\t<meta name=\"twitter:data1\" content=\"6 minuta\" \/>\n<script type=\"application\/ld+json\" class=\"yoast-schema-graph\">{\"@context\":\"https:\/\/schema.org\",\"@graph\":[{\"@type\":\"WebPage\",\"@id\":\"https:\/\/www.opuzen.hr\/grad\/reciklazno-dvoriste-opuzen\/\",\"url\":\"https:\/\/www.opuzen.hr\/grad\/reciklazno-dvoriste-opuzen\/\",\"name\":\"Recikla\u017eno dvori\u0161te Opuzen - Grad Opuzen\",\"isPartOf\":{\"@id\":\"https:\/\/www.opuzen.hr\/grad\/#website\"},\"primaryImageOfPage\":{\"@id\":\"https:\/\/www.opuzen.hr\/grad\/reciklazno-dvoriste-opuzen\/#primaryimage\"},\"image\":{\"@id\":\"https:\/\/www.opuzen.hr\/grad\/reciklazno-dvoriste-opuzen\/#primaryimage\"},\"thumbnailUrl\":\"https:\/\/www.opuzen.hr\/grad\/wp-content\/uploads\/2019\/11\/elementi-vidljivosti.png\",\"datePublished\":\"2020-10-21T07:26:03+00:00\",\"dateModified\":\"2021-02-03T19:34:36+00:00\",\"breadcrumb\":{\"@id\":\"https:\/\/www.opuzen.hr\/grad\/reciklazno-dvoriste-opuzen\/#breadcrumb\"},\"inLanguage\":\"hr\",\"potentialAction\":[{\"@type\":\"ReadAction\",\"target\":[\"https:\/\/www.opuzen.hr\/grad\/reciklazno-dvoriste-opuzen\/\"]}]},{\"@type\":\"ImageObject\",\"inLanguage\":\"hr\",\"@id\":\"https:\/\/www.opuzen.hr\/grad\/reciklazno-dvoriste-opuzen\/#primaryimage\",\"url\":\"https:\/\/www.opuzen.hr\/grad\/wp-content\/uploads\/2019\/11\/elementi-vidljivosti.png\",\"contentUrl\":\"https:\/\/www.opuzen.hr\/grad\/wp-content\/uploads\/2019\/11\/elementi-vidljivosti.png\",\"width\":605,\"height\":143},{\"@type\":\"BreadcrumbList\",\"@id\":\"https:\/\/www.opuzen.hr\/grad\/reciklazno-dvoriste-opuzen\/#breadcrumb\",\"itemListElement\":[{\"@type\":\"ListItem\",\"position\":1,\"name\":\"Po\u010detna stranica\",\"item\":\"https:\/\/www.opuzen.hr\/grad\/\"},{\"@type\":\"ListItem\",\"position\":2,\"name\":\"Recikla\u017eno dvori\u0161te Opuzen\"}]},{\"@type\":\"WebSite\",\"@id\":\"https:\/\/www.opuzen.hr\/grad\/#website\",\"url\":\"https:\/\/www.opuzen.hr\/grad\/\",\"name\":\"Grad Opuzen\",\"description\":\"Slu\u017ebene mre\u017ene stranice Grada Opuzena\",\"publisher\":{\"@id\":\"https:\/\/www.opuzen.hr\/grad\/#organization\"},\"potentialAction\":[{\"@type\":\"SearchAction\",\"target\":{\"@type\":\"EntryPoint\",\"urlTemplate\":\"https:\/\/www.opuzen.hr\/grad\/?s={search_term_string}\"},\"query-input\":\"required name=search_term_string\"}],\"inLanguage\":\"hr\"},{\"@type\":\"Organization\",\"@id\":\"https:\/\/www.opuzen.hr\/grad\/#organization\",\"name\":\"Grad Opuzen\",\"url\":\"https:\/\/www.opuzen.hr\/grad\/\",\"logo\":{\"@type\":\"ImageObject\",\"inLanguage\":\"hr\",\"@id\":\"https:\/\/www.opuzen.hr\/grad\/#\/schema\/logo\/image\/\",\"url\":\"https:\/\/www.opuzen.hr\/grad\/wp-content\/uploads\/2018\/02\/logo-opuzen.jpg\",\"contentUrl\":\"https:\/\/www.opuzen.hr\/grad\/wp-content\/uploads\/2018\/02\/logo-opuzen.jpg\",\"width\":400,\"height\":400,\"caption\":\"Grad Opuzen\"},\"image\":{\"@id\":\"https:\/\/www.opuzen.hr\/grad\/#\/schema\/logo\/image\/\"}}]}<\/script>\n<!-- \/ Yoast SEO plugin. -->","yoast_head_json":{"title":"Recikla\u017eno dvori\u0161te Opuzen - Grad Opuzen","robots":{"index":"index","follow":"follow","max-snippet":"max-snippet:-1","max-image-preview":"max-image-preview:large","max-video-preview":"max-video-preview:-1"},"canonical":"https:\/\/www.opuzen.hr\/grad\/reciklazno-dvoriste-opuzen\/","og_locale":"hr_HR","og_type":"article","og_title":"Recikla\u017eno dvori\u0161te Opuzen - Grad Opuzen","og_description":"Recikla\u017eno dvori\u0161te Opuzen Obavijesti u sklopu projekta 03\/02\/2021 03\/02\/2021 &lt;atarget=&#8221;_blank&#8221; href=&#8221;https:\/\/www.opuzen.hr\/grad\/odluka-o-odabiru-u-postupku-jednostavne-nabave-za-predmet-nabave-usluge-strucnog-nadzora-nad-izvodenjem-radova-na-izgradnji-i-opremanju-reciklaznog-dvorista-opuzen\/&#8221; title=&#8221;Odluka o odabiru u...","og_url":"https:\/\/www.opuzen.hr\/grad\/reciklazno-dvoriste-opuzen\/","og_site_name":"Grad Opuzen","article_modified_time":"2021-02-03T19:34:36+00:00","og_image":[{"url":"https:\/\/www.opuzen.hr\/grad\/wp-content\/uploads\/2019\/11\/elementi-vidljivosti.png"}],"twitter_card":"summary_large_image","twitter_misc":{"Procijenjeno vrijeme \u010ditanja":"6 minuta"},"schema":{"@context":"https:\/\/schema.org","@graph":[{"@type":"WebPage","@id":"https:\/\/www.opuzen.hr\/grad\/reciklazno-dvoriste-opuzen\/","url":"https:\/\/www.opuzen.hr\/grad\/reciklazno-dvoriste-opuzen\/","name":"Recikla\u017eno dvori\u0161te Opuzen - Grad Opuzen","isPartOf":{"@id":"https:\/\/www.opuzen.hr\/grad\/#website"},"primaryImageOfPage":{"@id":"https:\/\/www.opuzen.hr\/grad\/reciklazno-dvoriste-opuzen\/#primaryimage"},"image":{"@id":"https:\/\/www.opuzen.hr\/grad\/reciklazno-dvoriste-opuzen\/#primaryimage"},"thumbnailUrl":"https:\/\/www.opuzen.hr\/grad\/wp-content\/uploads\/2019\/11\/elementi-vidljivosti.png","datePublished":"2020-10-21T07:26:03+00:00","dateModified":"2021-02-03T19:34:36+00:00","breadcrumb":{"@id":"https:\/\/www.opuzen.hr\/grad\/reciklazno-dvoriste-opuzen\/#breadcrumb"},"inLanguage":"hr","potentialAction":[{"@type":"ReadAction","target":["https:\/\/www.opuzen.hr\/grad\/reciklazno-dvoriste-opuzen\/"]}]},{"@type":"ImageObject","inLanguage":"hr","@id":"https:\/\/www.opuzen.hr\/grad\/reciklazno-dvoriste-opuzen\/#primaryimage","url":"https:\/\/www.opuzen.hr\/grad\/wp-content\/uploads\/2019\/11\/elementi-vidljivosti.png","contentUrl":"https:\/\/www.opuzen.hr\/grad\/wp-content\/uploads\/2019\/11\/elementi-vidljivosti.png","width":605,"height":143},{"@type":"BreadcrumbList","@id":"https:\/\/www.opuzen.hr\/grad\/reciklazno-dvoriste-opuzen\/#breadcrumb","itemListElement":[{"@type":"ListItem","position":1,"name":"Po\u010detna stranica","item":"https:\/\/www.opuzen.hr\/grad\/"},{"@type":"ListItem","position":2,"name":"Recikla\u017eno dvori\u0161te Opuzen"}]},{"@type":"WebSite","@id":"https:\/\/www.opuzen.hr\/grad\/#website","url":"https:\/\/www.opuzen.hr\/grad\/","name":"Grad Opuzen","description":"Slu\u017ebene mre\u017ene stranice Grada Opuzena","publisher":{"@id":"https:\/\/www.opuzen.hr\/grad\/#organization"},"potentialAction":[{"@type":"SearchAction","target":{"@type":"EntryPoint","urlTemplate":"https:\/\/www.opuzen.hr\/grad\/?s={search_term_string}"},"query-input":"required name=search_term_string"}],"inLanguage":"hr"},{"@type":"Organization","@id":"https:\/\/www.opuzen.hr\/grad\/#organization","name":"Grad Opuzen","url":"https:\/\/www.opuzen.hr\/grad\/","logo":{"@type":"ImageObject","inLanguage":"hr","@id":"https:\/\/www.opuzen.hr\/grad\/#\/schema\/logo\/image\/","url":"https:\/\/www.opuzen.hr\/grad\/wp-content\/uploads\/2018\/02\/logo-opuzen.jpg","contentUrl":"https:\/\/www.opuzen.hr\/grad\/wp-content\/uploads\/2018\/02\/logo-opuzen.jpg","width":400,"height":400,"caption":"Grad Opuzen"},"image":{"@id":"https:\/\/www.opuzen.hr\/grad\/#\/schema\/logo\/image\/"}}]}},"_links":{"self":[{"href":"https:\/\/www.opuzen.hr\/grad\/wp-json\/wp\/v2\/pages\/7294"}],"collection":[{"href":"https:\/\/www.opuzen.hr\/grad\/wp-json\/wp\/v2\/pages"}],"about":[{"href":"https:\/\/www.opuzen.hr\/grad\/wp-json\/wp\/v2\/types\/page"}],"author":[{"embeddable":true,"href":"https:\/\/www.opuzen.hr\/grad\/wp-json\/wp\/v2\/users\/3"}],"replies":[{"embeddable":true,"href":"https:\/\/www.opuzen.hr\/grad\/wp-json\/wp\/v2\/comments?post=7294"}],"version-history":[{"count":10,"href":"https:\/\/www.opuzen.hr\/grad\/wp-json\/wp\/v2\/pages\/7294\/revisions"}],"predecessor-version":[{"id":7894,"href":"https:\/\/www.opuzen.hr\/grad\/wp-json\/wp\/v2\/pages\/7294\/revisions\/7894"}],"wp:attachment":[{"href":"https:\/\/www.opuzen.hr\/grad\/wp-json\/wp\/v2\/media?parent=7294"}],"curies":[{"name":"wp","href":"https:\/\/api.w.org\/{rel}","templated":true}]}}